{"version":"1.0","provider_name":"TSV 1925 Meitingen e. V. | Fussball","provider_url":"https:\/\/tsv-meitingen.de\/fussball","title":"Andreas Wessig verl\u00e4sst unsere Kommandobr\u00fccke - TSV 1925 Meitingen e. V. | Fussball","type":"rich","width":600,"height":338,"html":"<blockquote class=\"wp-embedded-content\" data-secret=\"QTFfMRvvQE\"><a href=\"https:\/\/tsv-meitingen.de\/fussball\/news\/andreas-wessig-verlaesst-unsere-kommandobruecke\/\">Andreas Wessig verl\u00e4sst unsere Kommandobr\u00fccke<\/a><\/blockquote><iframe sandbox=\"allow-scripts\" security=\"restricted\" src=\"https:\/\/tsv-meitingen.de\/fussball\/news\/andreas-wessig-verlaesst-unsere-kommandobruecke\/embed\/#?secret=QTFfMRvvQE\" width=\"600\" height=\"338\" title=\"&#8222;Andreas Wessig verl\u00e4sst unsere Kommandobr\u00fccke&#8220; &#8211; TSV 1925 Meitingen e. V. | Fussball\" data-secret=\"QTFfMRvvQE\" frameborder=\"0\" marginwidth=\"0\" marginheight=\"0\" scrolling=\"no\" class=\"wp-embedded-content\"><\/iframe><script>\n\/*! This file is auto-generated *\/\n!function(d,l){\"use strict\";l.querySelector&&d.addEventListener&&\"undefined\"!=typeof URL&&(d.wp=d.wp||{},d.wp.receiveEmbedMessage||(d.wp.receiveEmbedMessage=function(e){var t=e.data;if((t||t.secret||t.message||t.value)&&!\/[^a-zA-Z0-9]\/.test(t.secret)){for(var s,r,n,a=l.querySelectorAll('iframe[data-secret=\"'+t.secret+'\"]'),o=l.querySelectorAll('blockquote[data-secret=\"'+t.secret+'\"]'),c=new RegExp(\"^https?:$\",\"i\"),i=0;i<o.length;i++)o[i].style.display=\"none\";for(i=0;i<a.length;i++)s=a[i],e.source===s.contentWindow&&(s.removeAttribute(\"style\"),\"height\"===t.message?(1e3<(r=parseInt(t.value,10))?r=1e3:~~r<200&&(r=200),s.height=r):\"link\"===t.message&&(r=new URL(s.getAttribute(\"src\")),n=new URL(t.value),c.test(n.protocol))&&n.host===r.host&&l.activeElement===s&&(d.top.location.href=t.value))}},d.addEventListener(\"message\",d.wp.receiveEmbedMessage,!1),l.addEventListener(\"DOMContentLoaded\",function(){for(var e,t,s=l.querySelectorAll(\"iframe.wp-embedded-content\"),r=0;r<s.length;r++)(t=(e=s[r]).getAttribute(\"data-secret\"))||(t=Math.random().toString(36).substring(2,12),e.src+=\"#?secret=\"+t,e.setAttribute(\"data-secret\",t)),e.contentWindow.postMessage({message:\"ready\",secret:t},\"*\")},!1)))}(window,document);\n\/\/# sourceURL=https:\/\/tsv-meitingen.de\/fussball\/wp-includes\/js\/wp-embed.min.js\n<\/script>\n","description":"Eigentlich hatte &#8222;Ando&#8220; Wessig, dessen Sohn Fabian beim SC Verl in der 3. Liga spielt, schon vor einigen Wochen bei uns f\u00fcr eine weitere Runde zugesagt, als man aus dem Trainingslager in Barcelona zur\u00fcckgekehrt war. Nun hat er aber leider aus privaten und beruflichen Gr\u00fcnden seinen R\u00fccktritt zum Saisonende bekannt gegeben. \u201eEine emotional schwere Entscheidung\u201c, [&hellip;]"}